{"id":1420,"date":"2021-11-19T11:46:49","date_gmt":"2021-11-19T10:46:49","guid":{"rendered":"https:\/\/www.ildefonsoespinosa.com\/politique-de-confidentialite\/"},"modified":"2023-01-09T11:46:37","modified_gmt":"2023-01-09T10:46:37","slug":"politique-de-confidentialite","status":"publish","type":"page","link":"https:\/\/www.ildefonsoespinosa.com\/fr\/politique-de-confidentialite\/","title":{"rendered":"Politique de confidentialit\u00e9"},"content":{"rendered":"\n<p>Vous visitez le site web <a href=\"http:\/\/www.ildefonsoespinosa.com\">www.ildefonsoespinosa.com<\/a> appartenant \u00e0 Ildefonso Espinosa Garrido, dont le si\u00e8ge social est situ\u00e9 \u00e0 C\/ Albercas, 14 Pegalajar, (Ja\u00e9n), avec NIF\/CIF 26040086S, ci-apr\u00e8s le Propri\u00e9taire.<\/p>\n\n<p>La visite de ce site web n&rsquo;implique pas que l&rsquo;utilisateur soit oblig\u00e9 de fournir des informations sur lui-m\u00eame. Lorsque des donn\u00e9es d&rsquo;utilisateur sont collect\u00e9es (en dehors de celles d\u00e9crites dans la politique des cookies), le caract\u00e8re volontaire ou obligatoire des donn\u00e9es \u00e0 collecter, les destinataires, les finalit\u00e9s, la l\u00e9gitimit\u00e9 et les droits disponibles pour leur exercice seront indiqu\u00e9s. Le refus de fournir les donn\u00e9es class\u00e9es comme obligatoires entra\u00eenera la non fourniture ou l&rsquo;impossibilit\u00e9 d&rsquo;acc\u00e9der au service pour lequel elles ont \u00e9t\u00e9 demand\u00e9es. Les donn\u00e9es peuvent \u00e9galement \u00eatre fournies sur une base volontaire afin de permettre une prestation optimale des services offerts.<\/p>\n\n<p><strong>Responsable du traitement:<\/strong> Ildefonso Espinosa, dont le si\u00e8ge social est situ\u00e9 C\/ Albercas, 14 Pegalajar, (Ja\u00e9n).<\/p>\n\n<p><strong>Finalidades del tratamiento:<\/strong> Le informamos que realizamos tratamiento de datos personales con las siguientes finalidades:<\/p>\n\n<ul class=\"wp-block-list\"><li>G\u00e9rer les doutes et les questions que l&rsquo;utilisateur nous pr\u00e9sente, concernant nos produits, services, prix ou toute autre caract\u00e9ristique montr\u00e9e ou induite par les informations que nous publions sur le site web, soit par le biais du formulaire pr\u00e9vu \u00e0 cet effet, soit par l&rsquo;adresse \u00e9lectronique qui figure sur le site web.<\/li><li>Pour envoyer des devis et\/ou des informations compl\u00e9mentaires aux parties int\u00e9ress\u00e9es, par le biais des moyens de contact que vous mettez \u00e0 notre disposition.<\/li><li>Envoyer des communications commerciales, promotionnelles et publicitaires par les moyens de contact que vous mettez \u00e0 notre disposition (sauf si vous avez indiqu\u00e9 votre refus).<\/li><\/ul>\n\n<p><strong>Lic\u00e9it\u00e9 du traitement : Nous traiterons vos donn\u00e9es principalement sur la base de votre consentement expr\u00e8s pr\u00e9alable (c&rsquo;est-\u00e0-dire parce que vous nous autorisez express\u00e9ment \u00e0 le faire).<\/strong> La mani\u00e8re dont nous recueillons votre consentement sera:<\/p>\n\n<ul class=\"wp-block-list\"><li>\u00c9lectroniquement, par le biais de votre acceptation expresse de notre politique de confidentialit\u00e9 lorsque vous envoyez vos donn\u00e9es par le biais des formulaires de ce site web, ou en utilisant la r\u00e9ception des courriers \u00e9lectroniques que vous pouvez nous envoyer comme preuve de votre consentement.<\/li><li>Physiquement, en signant les consentements \u00e9clair\u00e9s concernant le traitement de vos donn\u00e9es personnelles sur les formulaires pr\u00e9vus \u00e0 cet effet dans nos bureaux.<\/li><\/ul>\n\n<p>No obstante, si es usted nuestro cliente, necesitaremos tratar algunos de los datos personales que previamente nos ha facilitado con objeto de poder ejecutar adecuadamente el servicio. Dans ce cas, nous nous baserons sur l&rsquo;ex\u00e9cution du contrat entre vous et nous comme base l\u00e9gitime pour traiter vos donn\u00e9es.<\/p>\n\n<p><strong>Destinataires de l&rsquo;information:<\/strong> Vos donn\u00e9es ne seront pas divulgu\u00e9es \u00e0 des tiers, \u00e0 l&rsquo;exception de celles qui sont n\u00e9cessaires pour mener \u00e0 bien les produits et\/ou services demand\u00e9s et\/ou pour se conformer \u00e0 une obligation l\u00e9gale ou \u00e0 une d\u00e9cision de justice. Nous ne traitons pas non plus les donn\u00e9es au niveau international.<\/p>\n\n<p><strong>D\u00e9lais de conservation:<\/strong> Nous conserverons vos donn\u00e9es le temps n\u00e9cessaire pour r\u00e9pondre \u00e0 votre demande et\/ou si vous avez donn\u00e9 votre consentement pour recevoir des informations commerciales ou publicitaires de notre part, nous les conserverons jusqu&rsquo;\u00e0 ce que vous indiquiez votre refus de recevoir ce type de communication. En cas de r\u00e9siliation de notre relation ou de votre refus de recevoir des informations, nous supprimerons vos donn\u00e9es, ind\u00e9pendamment d&rsquo;\u00e9ventuelles obligations l\u00e9gales, ce qui peut entra\u00eener une plus longue p\u00e9riode de conservation des donn\u00e9es (bien que dans ce cas, les donn\u00e9es seront d\u00fbment bloqu\u00e9es).<\/p>\n\n<p><strong>Droits li\u00e9s au traitement:<\/strong> Tous les utilisateurs dont les donn\u00e9es personnelles sont trait\u00e9es peuvent exercer gratuitement leurs droits d&rsquo;acc\u00e8s, de rectification, d&rsquo;annulation de leurs donn\u00e9es, et de limitation ou d&rsquo;opposition au traitement. Ces droits peuvent \u00eatre exerc\u00e9s de l&rsquo;une des mani\u00e8res suivantes:<\/p>\n\n<p>Par \u00e9crit, en envoyant votre demande, accompagn\u00e9e d&rsquo;une copie de votre pi\u00e8ce d&rsquo;identit\u00e9 nationale, \u00e0 l&rsquo;adresse suivante:<\/p>\n\n<p>Ildefonso Espinosa Garrido C\/ Albercas, 14 Pegalajar, (Ja\u00e9n)<\/p>\n\n<p>Par courrier \u00e9lectronique \u00e0 l&rsquo;adresse <a href=\"mailto:fabrica@aceitesespinosa.com\">fabrica@aceitesespinosa.com<\/a>, accompagn\u00e9 d&rsquo;une copie de la pi\u00e8ce d&rsquo;identit\u00e9 nationale.<\/p>\n\n<p><strong>Autorit\u00e9 de contr\u00f4le:<\/strong> si les utilisateurs estiment que leurs droits ont \u00e9t\u00e9 ignor\u00e9s ou viol\u00e9s, ils doivent savoir qu&rsquo;ils peuvent d\u00e9poser une plainte aupr\u00e8s de l&rsquo;autorit\u00e9 de contr\u00f4le comp\u00e9tente, \u00e0 savoir l&rsquo;<a href=\"http:\/\/agpd.es\/\" target=\"_blank\" rel=\"noreferrer noopener\">Agence espagnole de protection des donn\u00e9es<\/a> (Agencia Espa\u00f1ola de Protecci\u00f3n de Datos).<\/p>\n","protected":false},"excerpt":{"rendered":"<p>Vous visitez le site web www.ildefonsoespinosa.com appartenant \u00e0 Ildefonso Espinosa Garrido, dont le si\u00e8ge social est situ\u00e9 \u00e0 C\/ Albercas, 14 Pegalajar, (Ja\u00e9n), avec NIF\/CIF 26040086S, ci-apr\u00e8s le Propri\u00e9taire. La visite de ce site web n&rsquo;implique pas que l&rsquo;utilisateur soit oblig\u00e9 de fournir des informations sur lui-m\u00eame. Lorsque des donn\u00e9es d&rsquo;utilisateur sont collect\u00e9es (en dehors [&hellip;]<\/p>\n","protected":false},"author":1,"featured_media":0,"parent":0,"menu_order":0,"comment_status":"closed","ping_status":"open","template":"","meta":{"_et_pb_use_builder":"","_et_pb_old_content":"","_et_gb_content_width":"","_joinchat":[],"footnotes":""},"class_list":["post-1420","page","type-page","status-publish","hentry"],"yoast_head":"<!-- This site is optimized with the Yoast SEO plugin v27.5 - https:\/\/yoast.com\/product\/yoast-seo-wordpress\/ -->\n<title>Politique de confidentialit\u00e9 - Ildefonso Espinosa<\/title>\n<meta name=\"robots\" content=\"noindex, follow\" \/>\n<meta property=\"og:locale\" content=\"fr_FR\" \/>\n<meta property=\"og:type\" content=\"article\" \/>\n<meta property=\"og:title\" content=\"Politique de confidentialit\u00e9 - Ildefonso Espinosa\" \/>\n<meta property=\"og:description\" content=\"Vous visitez le site web www.ildefonsoespinosa.com appartenant \u00e0 Ildefonso Espinosa Garrido, dont le si\u00e8ge social est situ\u00e9 \u00e0 C\/ Albercas, 14 Pegalajar, (Ja\u00e9n), avec NIF\/CIF 26040086S, ci-apr\u00e8s le Propri\u00e9taire. La visite de ce site web n&rsquo;implique pas que l&rsquo;utilisateur soit oblig\u00e9 de fournir des informations sur lui-m\u00eame. Lorsque des donn\u00e9es d&rsquo;utilisateur sont collect\u00e9es (en dehors [&hellip;]\" \/>\n<meta property=\"og:url\" content=\"https:\/\/www.ildefonsoespinosa.com\/fr\/politique-de-confidentialite\/\" \/>\n<meta property=\"og:site_name\" content=\"Ildefonso Espinosa\" \/>\n<meta property=\"article:modified_time\" content=\"2023-01-09T10:46:37+00:00\" \/>\n<meta name=\"twitter:card\" content=\"summary_large_image\" \/>\n<script type=\"application\/ld+json\" class=\"yoast-schema-graph\">{\"@context\":\"https:\\\/\\\/schema.org\",\"@graph\":[{\"@type\":\"WebPage\",\"@id\":\"https:\\\/\\\/www.ildefonsoespinosa.com\\\/fr\\\/politique-de-confidentialite\\\/\",\"url\":\"https:\\\/\\\/www.ildefonsoespinosa.com\\\/fr\\\/politique-de-confidentialite\\\/\",\"name\":\"Politique de confidentialit\u00e9 - Ildefonso Espinosa\",\"isPartOf\":{\"@id\":\"https:\\\/\\\/www.ildefonsoespinosa.com\\\/#website\"},\"datePublished\":\"2021-11-19T10:46:49+00:00\",\"dateModified\":\"2023-01-09T10:46:37+00:00\",\"breadcrumb\":{\"@id\":\"https:\\\/\\\/www.ildefonsoespinosa.com\\\/fr\\\/politique-de-confidentialite\\\/#breadcrumb\"},\"inLanguage\":\"fr-FR\",\"potentialAction\":[{\"@type\":\"ReadAction\",\"target\":[\"https:\\\/\\\/www.ildefonsoespinosa.com\\\/fr\\\/politique-de-confidentialite\\\/\"]}]},{\"@type\":\"BreadcrumbList\",\"@id\":\"https:\\\/\\\/www.ildefonsoespinosa.com\\\/fr\\\/politique-de-confidentialite\\\/#breadcrumb\",\"itemListElement\":[{\"@type\":\"ListItem\",\"position\":1,\"name\":\"Portada\",\"item\":\"https:\\\/\\\/www.ildefonsoespinosa.com\\\/fr\\\/\"},{\"@type\":\"ListItem\",\"position\":2,\"name\":\"Politique de confidentialit\u00e9\"}]},{\"@type\":\"WebSite\",\"@id\":\"https:\\\/\\\/www.ildefonsoespinosa.com\\\/#website\",\"url\":\"https:\\\/\\\/www.ildefonsoespinosa.com\\\/\",\"name\":\"Ildefonso Espinosa\",\"description\":\"Aceite genuino desde 1956\",\"publisher\":{\"@id\":\"https:\\\/\\\/www.ildefonsoespinosa.com\\\/#organization\"},\"potentialAction\":[{\"@type\":\"SearchAction\",\"target\":{\"@type\":\"EntryPoint\",\"urlTemplate\":\"https:\\\/\\\/www.ildefonsoespinosa.com\\\/?s={search_term_string}\"},\"query-input\":{\"@type\":\"PropertyValueSpecification\",\"valueRequired\":true,\"valueName\":\"search_term_string\"}}],\"inLanguage\":\"fr-FR\"},{\"@type\":\"Organization\",\"@id\":\"https:\\\/\\\/www.ildefonsoespinosa.com\\\/#organization\",\"name\":\"Ildefonso Espinosa\",\"url\":\"https:\\\/\\\/www.ildefonsoespinosa.com\\\/\",\"logo\":{\"@type\":\"ImageObject\",\"inLanguage\":\"fr-FR\",\"@id\":\"https:\\\/\\\/www.ildefonsoespinosa.com\\\/#\\\/schema\\\/logo\\\/image\\\/\",\"url\":\"https:\\\/\\\/www.ildefonsoespinosa.com\\\/wp-content\\\/uploads\\\/2023\\\/09\\\/cropped-Logo-vertical-sin-com-3.png\",\"contentUrl\":\"https:\\\/\\\/www.ildefonsoespinosa.com\\\/wp-content\\\/uploads\\\/2023\\\/09\\\/cropped-Logo-vertical-sin-com-3.png\",\"width\":212,\"height\":132,\"caption\":\"Ildefonso Espinosa\"},\"image\":{\"@id\":\"https:\\\/\\\/www.ildefonsoespinosa.com\\\/#\\\/schema\\\/logo\\\/image\\\/\"}}]}<\/script>\n<!-- \/ Yoast SEO plugin. -->","yoast_head_json":{"title":"Politique de confidentialit\u00e9 - Ildefonso Espinosa","robots":{"index":"noindex","follow":"follow"},"og_locale":"fr_FR","og_type":"article","og_title":"Politique de confidentialit\u00e9 - Ildefonso Espinosa","og_description":"Vous visitez le site web www.ildefonsoespinosa.com appartenant \u00e0 Ildefonso Espinosa Garrido, dont le si\u00e8ge social est situ\u00e9 \u00e0 C\/ Albercas, 14 Pegalajar, (Ja\u00e9n), avec NIF\/CIF 26040086S, ci-apr\u00e8s le Propri\u00e9taire. La visite de ce site web n&rsquo;implique pas que l&rsquo;utilisateur soit oblig\u00e9 de fournir des informations sur lui-m\u00eame. Lorsque des donn\u00e9es d&rsquo;utilisateur sont collect\u00e9es (en dehors [&hellip;]","og_url":"https:\/\/www.ildefonsoespinosa.com\/fr\/politique-de-confidentialite\/","og_site_name":"Ildefonso Espinosa","article_modified_time":"2023-01-09T10:46:37+00:00","twitter_card":"summary_large_image","schema":{"@context":"https:\/\/schema.org","@graph":[{"@type":"WebPage","@id":"https:\/\/www.ildefonsoespinosa.com\/fr\/politique-de-confidentialite\/","url":"https:\/\/www.ildefonsoespinosa.com\/fr\/politique-de-confidentialite\/","name":"Politique de confidentialit\u00e9 - Ildefonso Espinosa","isPartOf":{"@id":"https:\/\/www.ildefonsoespinosa.com\/#website"},"datePublished":"2021-11-19T10:46:49+00:00","dateModified":"2023-01-09T10:46:37+00:00","breadcrumb":{"@id":"https:\/\/www.ildefonsoespinosa.com\/fr\/politique-de-confidentialite\/#breadcrumb"},"inLanguage":"fr-FR","potentialAction":[{"@type":"ReadAction","target":["https:\/\/www.ildefonsoespinosa.com\/fr\/politique-de-confidentialite\/"]}]},{"@type":"BreadcrumbList","@id":"https:\/\/www.ildefonsoespinosa.com\/fr\/politique-de-confidentialite\/#breadcrumb","itemListElement":[{"@type":"ListItem","position":1,"name":"Portada","item":"https:\/\/www.ildefonsoespinosa.com\/fr\/"},{"@type":"ListItem","position":2,"name":"Politique de confidentialit\u00e9"}]},{"@type":"WebSite","@id":"https:\/\/www.ildefonsoespinosa.com\/#website","url":"https:\/\/www.ildefonsoespinosa.com\/","name":"Ildefonso Espinosa","description":"Aceite genuino desde 1956","publisher":{"@id":"https:\/\/www.ildefonsoespinosa.com\/#organization"},"potentialAction":[{"@type":"SearchAction","target":{"@type":"EntryPoint","urlTemplate":"https:\/\/www.ildefonsoespinosa.com\/?s={search_term_string}"},"query-input":{"@type":"PropertyValueSpecification","valueRequired":true,"valueName":"search_term_string"}}],"inLanguage":"fr-FR"},{"@type":"Organization","@id":"https:\/\/www.ildefonsoespinosa.com\/#organization","name":"Ildefonso Espinosa","url":"https:\/\/www.ildefonsoespinosa.com\/","logo":{"@type":"ImageObject","inLanguage":"fr-FR","@id":"https:\/\/www.ildefonsoespinosa.com\/#\/schema\/logo\/image\/","url":"https:\/\/www.ildefonsoespinosa.com\/wp-content\/uploads\/2023\/09\/cropped-Logo-vertical-sin-com-3.png","contentUrl":"https:\/\/www.ildefonsoespinosa.com\/wp-content\/uploads\/2023\/09\/cropped-Logo-vertical-sin-com-3.png","width":212,"height":132,"caption":"Ildefonso Espinosa"},"image":{"@id":"https:\/\/www.ildefonsoespinosa.com\/#\/schema\/logo\/image\/"}}]}},"_links":{"self":[{"href":"https:\/\/www.ildefonsoespinosa.com\/fr\/wp-json\/wp\/v2\/pages\/1420","targetHints":{"allow":["GET"]}}],"collection":[{"href":"https:\/\/www.ildefonsoespinosa.com\/fr\/wp-json\/wp\/v2\/pages"}],"about":[{"href":"https:\/\/www.ildefonsoespinosa.com\/fr\/wp-json\/wp\/v2\/types\/page"}],"author":[{"embeddable":true,"href":"https:\/\/www.ildefonsoespinosa.com\/fr\/wp-json\/wp\/v2\/users\/1"}],"replies":[{"embeddable":true,"href":"https:\/\/www.ildefonsoespinosa.com\/fr\/wp-json\/wp\/v2\/comments?post=1420"}],"version-history":[{"count":1,"href":"https:\/\/www.ildefonsoespinosa.com\/fr\/wp-json\/wp\/v2\/pages\/1420\/revisions"}],"predecessor-version":[{"id":1421,"href":"https:\/\/www.ildefonsoespinosa.com\/fr\/wp-json\/wp\/v2\/pages\/1420\/revisions\/1421"}],"wp:attachment":[{"href":"https:\/\/www.ildefonsoespinosa.com\/fr\/wp-json\/wp\/v2\/media?parent=1420"}],"curies":[{"name":"wp","href":"https:\/\/api.w.org\/{rel}","templated":true}]}}